{"id":3300,"date":"2024-08-13T11:01:14","date_gmt":"2024-08-13T09:01:14","guid":{"rendered":"https:\/\/ainavalles.com\/proyectos\/proyecto-iii\/"},"modified":"2025-06-19T11:35:27","modified_gmt":"2025-06-19T09:35:27","slug":"proyecto-iii","status":"publish","type":"proyectos","link":"https:\/\/ainavalles.com\/de\/proyectos\/proyecto-iii\/","title":{"rendered":"Stauraum f\u00fcr Fahrradm\u00f6bel in der Serra de Tramuntana"},"content":{"rendered":"\n<p><strong>Stauraum f\u00fcr Sportausr\u00fcstung: Organisation und Harmonie in einem funktionalen Design<\/strong><\/p>\n\n\n\n<p>In diesem Projekt haben wir einen <strong>ma\u00dfgefertigten Stauraum<\/strong> f\u00fcr eine sportbegeisterte Familie geschaffen.<br>Ziel war es, einen <strong>gut organisierten Bereich<\/strong> zu entwerfen, in dem <strong>Fahrr\u00e4der<\/strong> und alles rund ums Radfahren \u2013 ebenso wie andere Sportausr\u00fcstung \u2013 <strong>geordnet und leicht zug\u00e4nglich<\/strong> untergebracht werden k\u00f6nnen.<\/p>\n\n\n\n<hr class=\"wp-block-separator has-alpha-channel-opacity\"\/>\n\n\n\n<h3 class=\"wp-block-heading\"><strong>Design und Materialien:<\/strong><\/h3>\n\n\n\n<p><strong>Erdt\u00f6ne f\u00fcr Harmonie:<\/strong><br>F\u00fcr den Hauptbereich der Aufbewahrung haben wir <strong>Erdt\u00f6ne<\/strong> gew\u00e4hlt, die dem Raum <strong>W\u00e4rme und Ausgewogenheit<\/strong> verleihen und sich harmonisch in das restliche Zuhause einf\u00fcgen.<br>Diese Farben wirken nicht nur <strong>\u00e4sthetisch ansprechend<\/strong>, sondern schaffen auch ein <strong>entspanntes, gut ausbalanciertes Umfeld<\/strong> \u2013 ideal f\u00fcr einen Ordnungsbereich.<\/p>\n\n\n\n<p><strong>Funktionaler Stauraum:<\/strong><br>Eine der W\u00e4nde ist der <strong>Aufbewahrung s\u00e4mtlicher Fahrradzubeh\u00f6rteile<\/strong> gewidmet \u2013 von Werkzeugen \u00fcber Kleidung bis hin zu Accessoires.<br>Die Gestaltung dieses Bereichs wurde auf <strong>maximale Platzausnutzung<\/strong> ausgerichtet, sodass alles ordentlich und griffbereit bleibt.<br><strong>Schr\u00e4nke und Regale<\/strong> wurden <strong>strategisch platziert<\/strong>, um eine effiziente L\u00f6sung zu bieten und einen schnellen Zugriff zu erm\u00f6glichen \u2013 ganz ohne Unordnung.<\/p>\n\n\n\n<p><strong>Fahrradbereich:<\/strong><br>An der gegen\u00fcberliegenden Wand wurde ein <strong>eigener Bereich f\u00fcr Fahrr\u00e4der<\/strong> eingeplant.<br>Die Regale sind so angeordnet, dass die Fahrr\u00e4der <strong>ohne Behinderung abgestellt<\/strong> werden k\u00f6nnen, wodurch der Raum sauber und frei von Hindernissen bleibt.<br>Diese Anordnung erleichtert nicht nur die Lagerung, sondern sorgt auch f\u00fcr <strong>Sicherheit und Stabilit\u00e4t<\/strong> der Fahrr\u00e4der.<\/p>\n\n\n\n<hr class=\"wp-block-separator has-alpha-channel-opacity\"\/>\n\n\n\n<p>Dieser Raum wurde mit Fokus auf <strong>Funktionalit\u00e4t und Ordnung<\/strong> gestaltet \u2013 individuell angepasst an die Bed\u00fcrfnisse der Kund:innen.<br>Die Kombination aus <strong>harmonischen Farben<\/strong> und <strong>praktischem Design<\/strong> sorgt daf\u00fcr, dass der Bereich sowohl <strong>n\u00fctzlich als auch optisch ansprechend<\/strong> ist.<br>Die Struktur aus Regalen und Schr\u00e4nken erm\u00f6glicht einen <strong>geordneten Arbeitsfluss<\/strong>, ideal, um schnell alles vorzubereiten, bevor es nach drau\u00dfen zum Sport geht.<\/p>\n\n\n\n<hr class=\"wp-block-separator has-alpha-channel-opacity\"\/>\n\n\n\n<p>Dieses Projekt zeigt, wie ein <strong>durchdachter Raum<\/strong> einen einfachen Abstellraum in einen <strong>funktionalen und \u00e4sthetischen Bereich<\/strong> verwandeln kann.<br>Wenn Sie nach Inspiration suchen, um Ihre Sportausr\u00fcstung zu organisieren, laden wir Sie ein, sich das <strong>Video zu diesem Text<\/strong> anzusehen.<br>Entdecken Sie, wie wir in diesem <strong>ma\u00dfgeschneiderten Sportbereich<\/strong> das <strong>perfekte Gleichgewicht zwischen Design und Praktikabilit\u00e4t<\/strong> geschaffen haben.<\/p>\n\n\n\n<figure class=\"wp-block-video\"><video height=\"832\" style=\"aspect-ratio: 480 \/ 832;\" width=\"480\" controls src=\"https:\/\/ainavalles.com\/wp-content\/uploads\/2024\/08\/Zona-deporte.mp4\"><\/video><\/figure>\n","protected":false},"featured_media":3302,"template":"","class_list":["post-3300","proyectos","type-proyectos","status-publish","has-post-thumbnail","hentry"],"acf":{"photo_gallery":{"galeria_de_fotos":[[]]}},"yoast_head":"<!-- This site is optimized with the Yoast SEO plugin v26.8 - https:\/\/yoast.com\/product\/yoast-seo-wordpress\/ -->\n<title>Stauraum f\u00fcr Fahrradm\u00f6bel in der Serra de Tramuntana - Aina Vall\u00e8s<\/title>\n<meta name=\"robots\" content=\"index, follow, max-snippet:-1, max-image-preview:large, max-video-preview:-1\" \/>\n<link rel=\"canonical\" href=\"https:\/\/ainavalles.com\/de\/proyectos\/proyecto-iii\/\" \/>\n<meta property=\"og:locale\" content=\"de_DE\" \/>\n<meta property=\"og:type\" content=\"article\" \/>\n<meta property=\"og:title\" content=\"Stauraum f\u00fcr Fahrradm\u00f6bel in der Serra de Tramuntana - Aina Vall\u00e8s\" \/>\n<meta property=\"og:description\" content=\"Stauraum f\u00fcr Sportausr\u00fcstung: Organisation und Harmonie in einem funktionalen Design In diesem Projekt haben wir einen ma\u00dfgefertigten Stauraum f\u00fcr eine sportbegeisterte Familie geschaffen.Ziel war es, einen gut organisierten Bereich zu entwerfen, in dem Fahrr\u00e4der und alles rund ums Radfahren \u2013 ebenso wie andere Sportausr\u00fcstung \u2013 geordnet und leicht zug\u00e4nglich untergebracht werden k\u00f6nnen. Design und Materialien: [&hellip;]\" \/>\n<meta property=\"og:url\" content=\"https:\/\/ainavalles.com\/de\/proyectos\/proyecto-iii\/\" \/>\n<meta property=\"og:site_name\" content=\"Aina Vall\u00e8s\" \/>\n<meta property=\"article:publisher\" content=\"https:\/\/www.facebook.com\/people\/Aina-Valls\/100090582199736\/\" \/>\n<meta property=\"article:modified_time\" content=\"2025-06-19T09:35:27+00:00\" \/>\n<meta property=\"og:image\" content=\"https:\/\/ainavalles.com\/wp-content\/uploads\/2024\/08\/Zoona-casco.jpg\" \/>\n\t<meta property=\"og:image:width\" content=\"1010\" \/>\n\t<meta property=\"og:image:height\" content=\"1600\" \/>\n\t<meta property=\"og:image:type\" content=\"image\/jpeg\" \/>\n<meta name=\"twitter:card\" content=\"summary_large_image\" \/>\n<meta name=\"twitter:label1\" content=\"Gesch\u00e4tzte Lesezeit\" \/>\n\t<meta name=\"twitter:data1\" content=\"2\u00a0Minuten\" \/>\n<script type=\"application\/ld+json\" class=\"yoast-schema-graph\">{\"@context\":\"https:\/\/schema.org\",\"@graph\":[{\"@type\":\"WebPage\",\"@id\":\"https:\/\/ainavalles.com\/de\/proyectos\/proyecto-iii\/\",\"url\":\"https:\/\/ainavalles.com\/de\/proyectos\/proyecto-iii\/\",\"name\":\"Stauraum f\u00fcr Fahrradm\u00f6bel in der Serra de Tramuntana - Aina Vall\u00e8s\",\"isPartOf\":{\"@id\":\"https:\/\/ainavalles.com\/#website\"},\"primaryImageOfPage\":{\"@id\":\"https:\/\/ainavalles.com\/de\/proyectos\/proyecto-iii\/#primaryimage\"},\"image\":{\"@id\":\"https:\/\/ainavalles.com\/de\/proyectos\/proyecto-iii\/#primaryimage\"},\"thumbnailUrl\":\"https:\/\/ainavalles.com\/wp-content\/uploads\/2024\/08\/Zoona-casco.jpg\",\"datePublished\":\"2024-08-13T09:01:14+00:00\",\"dateModified\":\"2025-06-19T09:35:27+00:00\",\"breadcrumb\":{\"@id\":\"https:\/\/ainavalles.com\/de\/proyectos\/proyecto-iii\/#breadcrumb\"},\"inLanguage\":\"de\",\"potentialAction\":[{\"@type\":\"ReadAction\",\"target\":[\"https:\/\/ainavalles.com\/de\/proyectos\/proyecto-iii\/\"]}]},{\"@type\":\"ImageObject\",\"inLanguage\":\"de\",\"@id\":\"https:\/\/ainavalles.com\/de\/proyectos\/proyecto-iii\/#primaryimage\",\"url\":\"https:\/\/ainavalles.com\/wp-content\/uploads\/2024\/08\/Zoona-casco.jpg\",\"contentUrl\":\"https:\/\/ainavalles.com\/wp-content\/uploads\/2024\/08\/Zoona-casco.jpg\",\"width\":1010,\"height\":1600},{\"@type\":\"BreadcrumbList\",\"@id\":\"https:\/\/ainavalles.com\/de\/proyectos\/proyecto-iii\/#breadcrumb\",\"itemListElement\":[{\"@type\":\"ListItem\",\"position\":1,\"name\":\"Portada\",\"item\":\"https:\/\/ainavalles.com\/de\/\"},{\"@type\":\"ListItem\",\"position\":2,\"name\":\"Stauraum f\u00fcr Fahrradm\u00f6bel in der Serra de Tramuntana\"}]},{\"@type\":\"WebSite\",\"@id\":\"https:\/\/ainavalles.com\/#website\",\"url\":\"https:\/\/ainavalles.com\/\",\"name\":\"Aina Vall\u00e8s\",\"description\":\"Interiorismo en Mallorca\",\"publisher\":{\"@id\":\"https:\/\/ainavalles.com\/#organization\"},\"potentialAction\":[{\"@type\":\"SearchAction\",\"target\":{\"@type\":\"EntryPoint\",\"urlTemplate\":\"https:\/\/ainavalles.com\/?s={search_term_string}\"},\"query-input\":{\"@type\":\"PropertyValueSpecification\",\"valueRequired\":true,\"valueName\":\"search_term_string\"}}],\"inLanguage\":\"de\"},{\"@type\":\"Organization\",\"@id\":\"https:\/\/ainavalles.com\/#organization\",\"name\":\"Aina Vall\u00e8s\",\"url\":\"https:\/\/ainavalles.com\/\",\"logo\":{\"@type\":\"ImageObject\",\"inLanguage\":\"de\",\"@id\":\"https:\/\/ainavalles.com\/#\/schema\/logo\/image\/\",\"url\":\"https:\/\/ainavalles.com\/wp-content\/uploads\/2023\/09\/logo.svg\",\"contentUrl\":\"https:\/\/ainavalles.com\/wp-content\/uploads\/2023\/09\/logo.svg\",\"width\":300,\"height\":244,\"caption\":\"Aina Vall\u00e8s\"},\"image\":{\"@id\":\"https:\/\/ainavalles.com\/#\/schema\/logo\/image\/\"},\"sameAs\":[\"https:\/\/www.facebook.com\/people\/Aina-Valls\/100090582199736\/\",\"https:\/\/www.instagram.com\/aina_valles\/\"]}]}<\/script>\n<!-- \/ Yoast SEO plugin. -->","yoast_head_json":{"title":"Stauraum f\u00fcr Fahrradm\u00f6bel in der Serra de Tramuntana - Aina Vall\u00e8s","robots":{"index":"index","follow":"follow","max-snippet":"max-snippet:-1","max-image-preview":"max-image-preview:large","max-video-preview":"max-video-preview:-1"},"canonical":"https:\/\/ainavalles.com\/de\/proyectos\/proyecto-iii\/","og_locale":"de_DE","og_type":"article","og_title":"Stauraum f\u00fcr Fahrradm\u00f6bel in der Serra de Tramuntana - Aina Vall\u00e8s","og_description":"Stauraum f\u00fcr Sportausr\u00fcstung: Organisation und Harmonie in einem funktionalen Design In diesem Projekt haben wir einen ma\u00dfgefertigten Stauraum f\u00fcr eine sportbegeisterte Familie geschaffen.Ziel war es, einen gut organisierten Bereich zu entwerfen, in dem Fahrr\u00e4der und alles rund ums Radfahren \u2013 ebenso wie andere Sportausr\u00fcstung \u2013 geordnet und leicht zug\u00e4nglich untergebracht werden k\u00f6nnen. Design und Materialien: [&hellip;]","og_url":"https:\/\/ainavalles.com\/de\/proyectos\/proyecto-iii\/","og_site_name":"Aina Vall\u00e8s","article_publisher":"https:\/\/www.facebook.com\/people\/Aina-Valls\/100090582199736\/","article_modified_time":"2025-06-19T09:35:27+00:00","og_image":[{"width":1010,"height":1600,"url":"https:\/\/ainavalles.com\/wp-content\/uploads\/2024\/08\/Zoona-casco.jpg","type":"image\/jpeg"}],"twitter_card":"summary_large_image","twitter_misc":{"Gesch\u00e4tzte Lesezeit":"2\u00a0Minuten"},"schema":{"@context":"https:\/\/schema.org","@graph":[{"@type":"WebPage","@id":"https:\/\/ainavalles.com\/de\/proyectos\/proyecto-iii\/","url":"https:\/\/ainavalles.com\/de\/proyectos\/proyecto-iii\/","name":"Stauraum f\u00fcr Fahrradm\u00f6bel in der Serra de Tramuntana - Aina Vall\u00e8s","isPartOf":{"@id":"https:\/\/ainavalles.com\/#website"},"primaryImageOfPage":{"@id":"https:\/\/ainavalles.com\/de\/proyectos\/proyecto-iii\/#primaryimage"},"image":{"@id":"https:\/\/ainavalles.com\/de\/proyectos\/proyecto-iii\/#primaryimage"},"thumbnailUrl":"https:\/\/ainavalles.com\/wp-content\/uploads\/2024\/08\/Zoona-casco.jpg","datePublished":"2024-08-13T09:01:14+00:00","dateModified":"2025-06-19T09:35:27+00:00","breadcrumb":{"@id":"https:\/\/ainavalles.com\/de\/proyectos\/proyecto-iii\/#breadcrumb"},"inLanguage":"de","potentialAction":[{"@type":"ReadAction","target":["https:\/\/ainavalles.com\/de\/proyectos\/proyecto-iii\/"]}]},{"@type":"ImageObject","inLanguage":"de","@id":"https:\/\/ainavalles.com\/de\/proyectos\/proyecto-iii\/#primaryimage","url":"https:\/\/ainavalles.com\/wp-content\/uploads\/2024\/08\/Zoona-casco.jpg","contentUrl":"https:\/\/ainavalles.com\/wp-content\/uploads\/2024\/08\/Zoona-casco.jpg","width":1010,"height":1600},{"@type":"BreadcrumbList","@id":"https:\/\/ainavalles.com\/de\/proyectos\/proyecto-iii\/#breadcrumb","itemListElement":[{"@type":"ListItem","position":1,"name":"Portada","item":"https:\/\/ainavalles.com\/de\/"},{"@type":"ListItem","position":2,"name":"Stauraum f\u00fcr Fahrradm\u00f6bel in der Serra de Tramuntana"}]},{"@type":"WebSite","@id":"https:\/\/ainavalles.com\/#website","url":"https:\/\/ainavalles.com\/","name":"Aina Vall\u00e8s","description":"Interiorismo en Mallorca","publisher":{"@id":"https:\/\/ainavalles.com\/#organization"},"potentialAction":[{"@type":"SearchAction","target":{"@type":"EntryPoint","urlTemplate":"https:\/\/ainavalles.com\/?s={search_term_string}"},"query-input":{"@type":"PropertyValueSpecification","valueRequired":true,"valueName":"search_term_string"}}],"inLanguage":"de"},{"@type":"Organization","@id":"https:\/\/ainavalles.com\/#organization","name":"Aina Vall\u00e8s","url":"https:\/\/ainavalles.com\/","logo":{"@type":"ImageObject","inLanguage":"de","@id":"https:\/\/ainavalles.com\/#\/schema\/logo\/image\/","url":"https:\/\/ainavalles.com\/wp-content\/uploads\/2023\/09\/logo.svg","contentUrl":"https:\/\/ainavalles.com\/wp-content\/uploads\/2023\/09\/logo.svg","width":300,"height":244,"caption":"Aina Vall\u00e8s"},"image":{"@id":"https:\/\/ainavalles.com\/#\/schema\/logo\/image\/"},"sameAs":["https:\/\/www.facebook.com\/people\/Aina-Valls\/100090582199736\/","https:\/\/www.instagram.com\/aina_valles\/"]}]}},"_links":{"self":[{"href":"https:\/\/ainavalles.com\/de\/wp-json\/wp\/v2\/proyectos\/3300","targetHints":{"allow":["GET"]}}],"collection":[{"href":"https:\/\/ainavalles.com\/de\/wp-json\/wp\/v2\/proyectos"}],"about":[{"href":"https:\/\/ainavalles.com\/de\/wp-json\/wp\/v2\/types\/proyectos"}],"wp:featuredmedia":[{"embeddable":true,"href":"https:\/\/ainavalles.com\/de\/wp-json\/wp\/v2\/media\/3302"}],"wp:attachment":[{"href":"https:\/\/ainavalles.com\/de\/wp-json\/wp\/v2\/media?parent=3300"}],"curies":[{"name":"wp","href":"https:\/\/api.w.org\/{rel}","templated":true}]}}