{"id":3306,"date":"2024-08-13T10:20:06","date_gmt":"2024-08-13T08:20:06","guid":{"rendered":"https:\/\/ainavalles.com\/proyectos\/armarios-a-medida-en-roble-natural-y-detalles-en-negro-mate\/"},"modified":"2025-06-19T11:25:05","modified_gmt":"2025-06-19T09:25:05","slug":"armarios-a-medida-en-roble-natural-y-detalles-en-negro-mate","status":"publish","type":"proyectos","link":"https:\/\/ainavalles.com\/de\/proyectos\/armarios-a-medida-en-roble-natural-y-detalles-en-negro-mate\/","title":{"rendered":"Ma\u00dfgefertigte Kleiderschr\u00e4nke aus Naturholz"},"content":{"rendered":"\n<p><strong>Ma\u00dfgefertigte Kleiderschr\u00e4nke aus naturbelassener Eiche mit mattschwarzen Akzenten<\/strong><\/p>\n\n\n\n<p>Bei diesem Projekt bestand unsere Aufgabe darin, <strong>eine Reihe individuell gefertigter Kleiderschr\u00e4nke<\/strong> in der Wohnung eines Kunden zu entwerfen und zu installieren \u2013 wobei <strong>Eleganz und Funktionalit\u00e4t<\/strong> zu einem <strong>harmonischen und praktischen Raum<\/strong> verschmolzen sind.<\/p>\n\n\n\n<hr class=\"wp-block-separator has-alpha-channel-opacity\"\/>\n\n\n\n<p><strong>Design und Materialien:<\/strong><\/p>\n\n\n\n<ul class=\"wp-block-list\">\n<li><strong>Innenausstattung der Schr\u00e4nke:<\/strong><br>Alle Schr\u00e4nke verf\u00fcgen \u00fcber ein <strong>wei\u00dfes Innenleben<\/strong>, das f\u00fcr <strong>Helligkeit und ein gro\u00dfz\u00fcgiges Raumgef\u00fchl<\/strong> sorgt und gleichzeitig die <strong>Sichtbarkeit von Kleidung und anderen Gegenst\u00e4nden<\/strong> erleichtert.<\/li>\n\n\n\n<li><strong>T\u00fcren aus nat\u00fcrlicher Eiche:<\/strong><br>Die T\u00fcren aus <strong>naturbelassener Eiche<\/strong> zeichnen sich durch ihre <strong>Sch\u00f6nheit und W\u00e4rme<\/strong> aus.<br>Dieses Material verleiht nicht nur einen <strong>Hauch von Raffinesse<\/strong>, sondern garantiert auch <strong>Langlebigkeit und Widerstandsf\u00e4higkeit<\/strong> \u2013 mit einem <strong>zeitlosen Stil<\/strong>, der sich an jede Umgebung anpasst.<\/li>\n<\/ul>\n\n\n\n<figure class=\"wp-block-image size-full\"><img fetchpriority=\"high\" decoding=\"async\" width=\"1920\" height=\"1280\" src=\"https:\/\/ainavalles.com\/wp-content\/uploads\/2024\/08\/AINA-LuciaMartiPhoto-23-scaled.jpg\" alt=\"\" class=\"wp-image-1511\" srcset=\"https:\/\/ainavalles.com\/wp-content\/uploads\/2024\/08\/AINA-LuciaMartiPhoto-23-scaled.jpg 1920w, https:\/\/ainavalles.com\/wp-content\/uploads\/2024\/08\/AINA-LuciaMartiPhoto-23-768x512.jpg 768w, https:\/\/ainavalles.com\/wp-content\/uploads\/2024\/08\/AINA-LuciaMartiPhoto-23-1536x1024.jpg 1536w, https:\/\/ainavalles.com\/wp-content\/uploads\/2024\/08\/AINA-LuciaMartiPhoto-23-2048x1365.jpg 2048w\" sizes=\"(max-width: 1920px) 100vw, 1920px\" \/><\/figure>\n\n\n\n<ul class=\"wp-block-list\">\n<li><strong>Eichendetails:<\/strong> Die <strong>Schubladen<\/strong>, gefertigt aus derselben <strong>naturbelassenen Eiche<\/strong> wie die T\u00fcren, jedoch mit einem <strong>glatten Finish<\/strong>, sorgen f\u00fcr <strong>\u00e4sthetische Kontinuit\u00e4t<\/strong> und ein Gef\u00fchl von <strong>Harmonie im gesamten Schrank<\/strong>.<br>So wird sichergestellt, dass <strong>jedes Detail die Qualit\u00e4t der Handwerkskunst<\/strong> widerspiegelt.<\/li>\n<\/ul>\n\n\n\n<figure class=\"wp-block-image size-full\"><img decoding=\"async\" width=\"1920\" height=\"1280\" src=\"https:\/\/ainavalles.com\/wp-content\/uploads\/2024\/08\/AINA-LuciaMartiPhoto-2-scaled.jpg\" alt=\"\" class=\"wp-image-1507\" srcset=\"https:\/\/ainavalles.com\/wp-content\/uploads\/2024\/08\/AINA-LuciaMartiPhoto-2-scaled.jpg 1920w, https:\/\/ainavalles.com\/wp-content\/uploads\/2024\/08\/AINA-LuciaMartiPhoto-2-768x512.jpg 768w, https:\/\/ainavalles.com\/wp-content\/uploads\/2024\/08\/AINA-LuciaMartiPhoto-2-1536x1024.jpg 1536w, https:\/\/ainavalles.com\/wp-content\/uploads\/2024\/08\/AINA-LuciaMartiPhoto-2-2048x1365.jpg 2048w\" sizes=\"(max-width: 1920px) 100vw, 1920px\" \/><\/figure>\n\n\n\n<ul class=\"wp-block-list\">\n<li><strong>Mattschwarze Stangen und Griffe:<\/strong> Zur Erg\u00e4nzung der nat\u00fcrlichen Eiche haben wir uns f\u00fcr <strong>mattschwarze Stangen und Griffe<\/strong> entschieden.<br>Dieser Kontrast verleiht dem Design eine <strong>moderne und elegante Note<\/strong> und schafft ein <strong>visuelles Gleichgewicht zwischen Klassik und Moderne<\/strong>.<\/li>\n<\/ul>\n\n\n\n<figure class=\"wp-block-image size-full\"><img decoding=\"async\" width=\"934\" height=\"1400\" src=\"https:\/\/ainavalles.com\/wp-content\/uploads\/2024\/08\/AINA-LuciaMartiPhoto-15-scaled.jpg\" alt=\"\" class=\"wp-image-1509\" srcset=\"https:\/\/ainavalles.com\/wp-content\/uploads\/2024\/08\/AINA-LuciaMartiPhoto-15-scaled.jpg 934w, https:\/\/ainavalles.com\/wp-content\/uploads\/2024\/08\/AINA-LuciaMartiPhoto-15-768x1152.jpg 768w, https:\/\/ainavalles.com\/wp-content\/uploads\/2024\/08\/AINA-LuciaMartiPhoto-15-1024x1536.jpg 1024w, https:\/\/ainavalles.com\/wp-content\/uploads\/2024\/08\/AINA-LuciaMartiPhoto-15-1365x2048.jpg 1365w\" sizes=\"(max-width: 934px) 100vw, 934px\" \/><\/figure>\n\n\n\n<p>Diese Kleiderschr\u00e4nke \u00fcberzeugen nicht nur durch ihre <strong>Optik<\/strong>, sondern auch durch ihre <strong>Funktionalit\u00e4t<\/strong>.<br>Das Design wurde sorgf\u00e4ltig durchdacht, um den <strong>Stauraum zu maximieren<\/strong>, mit einer <strong>inneren Aufteilung<\/strong>, die eine einfache <strong>Organisation und Zug\u00e4nglichkeit<\/strong> aller Kleidungsst\u00fccke und Accessoires erm\u00f6glicht.<\/p>\n\n\n\n<p>Die <strong>mattschwarzen Griffe<\/strong> sind nicht nur ein markantes <strong>\u00e4sthetisches Element<\/strong>, sondern bieten auch <strong>ergonomischen Komfort<\/strong> im t\u00e4glichen Gebrauch.<\/p>\n\n\n\n<figure class=\"wp-block-video\"><video height=\"848\" style=\"aspect-ratio: 480 \/ 848;\" width=\"480\" controls src=\"https:\/\/ainavalles.com\/wp-content\/uploads\/2024\/08\/Armario-predissa.mp4\"><\/video><\/figure>\n\n\n\n<p>Dieses Projekt ist ein klares Beispiel daf\u00fcr, wie die <strong>Auswahl hochwertiger Materialien<\/strong> und ein <strong>durchdachtes Design<\/strong> einen Raum verwandeln k\u00f6nnen \u2013 und dabei <strong>Sch\u00f6nheit und Funktionalit\u00e4t<\/strong> vereinen.<\/p>\n\n\n\n<p>Wenn Sie auf der Suche nach Inspiration f\u00fcr Ihr eigenes Interior Design Projekt sind, laden wir Sie herzlich ein, sich die <strong>Videos anzusehen<\/strong>, die diese Beschreibung begleiten \u2013 um die <strong>Liebe zum Detail und die Sorgfalt<\/strong> zu entdecken, die wir in jedes einzelne unserer Projekte einflie\u00dfen lassen.<\/p>\n\n\n\n<p><strong>Ma\u00dfgefertigte Kleiderschr\u00e4nke aus nat\u00fcrlicher Eiche mit mattschwarzen Details.<\/strong><\/p>\n\n\n\n<figure class=\"wp-block-video\"><video height=\"848\" style=\"aspect-ratio: 480 \/ 848;\" width=\"480\" controls src=\"https:\/\/ainavalles.com\/wp-content\/uploads\/2024\/08\/Vestidor-predissa.mp4\"><\/video><\/figure>\n\n\n\n<figure class=\"wp-block-video\"><video height=\"832\" style=\"aspect-ratio: 480 \/ 832;\" width=\"480\" controls src=\"https:\/\/ainavalles.com\/wp-content\/uploads\/2024\/08\/Zona-Armarios-Invitados.mp4\"><\/video><\/figure>\n\n\n\n<figure class=\"wp-block-video\"><video height=\"816\" style=\"aspect-ratio: 480 \/ 816;\" width=\"480\" controls src=\"https:\/\/ainavalles.com\/wp-content\/uploads\/2024\/08\/Zona-multifuncion.mp4\"><\/video><\/figure>\n","protected":false},"featured_media":3308,"template":"","class_list":["post-3306","proyectos","type-proyectos","status-publish","has-post-thumbnail","hentry"],"acf":{"photo_gallery":{"galeria_de_fotos":[[]]}},"yoast_head":"<!-- This site is optimized with the Yoast SEO plugin v26.8 - https:\/\/yoast.com\/product\/yoast-seo-wordpress\/ -->\n<title>Ma\u00dfgefertigte Kleiderschr\u00e4nke aus Naturholz - Aina Vall\u00e8s<\/title>\n<meta name=\"robots\" content=\"index, follow, max-snippet:-1, max-image-preview:large, max-video-preview:-1\" \/>\n<link rel=\"canonical\" href=\"https:\/\/ainavalles.com\/de\/proyectos\/armarios-a-medida-en-roble-natural-y-detalles-en-negro-mate\/\" \/>\n<meta property=\"og:locale\" content=\"de_DE\" \/>\n<meta property=\"og:type\" content=\"article\" \/>\n<meta property=\"og:title\" content=\"Ma\u00dfgefertigte Kleiderschr\u00e4nke aus Naturholz - Aina Vall\u00e8s\" \/>\n<meta property=\"og:description\" content=\"Ma\u00dfgefertigte Kleiderschr\u00e4nke aus naturbelassener Eiche mit mattschwarzen Akzenten Bei diesem Projekt bestand unsere Aufgabe darin, eine Reihe individuell gefertigter Kleiderschr\u00e4nke in der Wohnung eines Kunden zu entwerfen und zu installieren \u2013 wobei Eleganz und Funktionalit\u00e4t zu einem harmonischen und praktischen Raum verschmolzen sind. Design und Materialien: Diese Kleiderschr\u00e4nke \u00fcberzeugen nicht nur durch ihre Optik, sondern [&hellip;]\" \/>\n<meta property=\"og:url\" content=\"https:\/\/ainavalles.com\/de\/proyectos\/armarios-a-medida-en-roble-natural-y-detalles-en-negro-mate\/\" \/>\n<meta property=\"og:site_name\" content=\"Aina Vall\u00e8s\" \/>\n<meta property=\"article:publisher\" content=\"https:\/\/www.facebook.com\/people\/Aina-Valls\/100090582199736\/\" \/>\n<meta property=\"article:modified_time\" content=\"2025-06-19T09:25:05+00:00\" \/>\n<meta property=\"og:image\" content=\"https:\/\/ainavalles.com\/wp-content\/uploads\/2024\/08\/AINA-LuciaMartiPhoto-9-1-scaled.jpg\" \/>\n\t<meta property=\"og:image:width\" content=\"2560\" \/>\n\t<meta property=\"og:image:height\" content=\"1707\" \/>\n\t<meta property=\"og:image:type\" content=\"image\/jpeg\" \/>\n<meta name=\"twitter:card\" content=\"summary_large_image\" \/>\n<meta name=\"twitter:label1\" content=\"Gesch\u00e4tzte Lesezeit\" \/>\n\t<meta name=\"twitter:data1\" content=\"3\u00a0Minuten\" \/>\n<script type=\"application\/ld+json\" class=\"yoast-schema-graph\">{\"@context\":\"https:\/\/schema.org\",\"@graph\":[{\"@type\":\"WebPage\",\"@id\":\"https:\/\/ainavalles.com\/de\/proyectos\/armarios-a-medida-en-roble-natural-y-detalles-en-negro-mate\/\",\"url\":\"https:\/\/ainavalles.com\/de\/proyectos\/armarios-a-medida-en-roble-natural-y-detalles-en-negro-mate\/\",\"name\":\"Ma\u00dfgefertigte Kleiderschr\u00e4nke aus Naturholz - Aina Vall\u00e8s\",\"isPartOf\":{\"@id\":\"https:\/\/ainavalles.com\/#website\"},\"primaryImageOfPage\":{\"@id\":\"https:\/\/ainavalles.com\/de\/proyectos\/armarios-a-medida-en-roble-natural-y-detalles-en-negro-mate\/#primaryimage\"},\"image\":{\"@id\":\"https:\/\/ainavalles.com\/de\/proyectos\/armarios-a-medida-en-roble-natural-y-detalles-en-negro-mate\/#primaryimage\"},\"thumbnailUrl\":\"https:\/\/ainavalles.com\/wp-content\/uploads\/2024\/08\/AINA-LuciaMartiPhoto-9-1-scaled.jpg\",\"datePublished\":\"2024-08-13T08:20:06+00:00\",\"dateModified\":\"2025-06-19T09:25:05+00:00\",\"breadcrumb\":{\"@id\":\"https:\/\/ainavalles.com\/de\/proyectos\/armarios-a-medida-en-roble-natural-y-detalles-en-negro-mate\/#breadcrumb\"},\"inLanguage\":\"de\",\"potentialAction\":[{\"@type\":\"ReadAction\",\"target\":[\"https:\/\/ainavalles.com\/de\/proyectos\/armarios-a-medida-en-roble-natural-y-detalles-en-negro-mate\/\"]}]},{\"@type\":\"ImageObject\",\"inLanguage\":\"de\",\"@id\":\"https:\/\/ainavalles.com\/de\/proyectos\/armarios-a-medida-en-roble-natural-y-detalles-en-negro-mate\/#primaryimage\",\"url\":\"https:\/\/ainavalles.com\/wp-content\/uploads\/2024\/08\/AINA-LuciaMartiPhoto-9-1-scaled.jpg\",\"contentUrl\":\"https:\/\/ainavalles.com\/wp-content\/uploads\/2024\/08\/AINA-LuciaMartiPhoto-9-1-scaled.jpg\",\"width\":2560,\"height\":1707},{\"@type\":\"BreadcrumbList\",\"@id\":\"https:\/\/ainavalles.com\/de\/proyectos\/armarios-a-medida-en-roble-natural-y-detalles-en-negro-mate\/#breadcrumb\",\"itemListElement\":[{\"@type\":\"ListItem\",\"position\":1,\"name\":\"Portada\",\"item\":\"https:\/\/ainavalles.com\/de\/\"},{\"@type\":\"ListItem\",\"position\":2,\"name\":\"Ma\u00dfgefertigte Kleiderschr\u00e4nke aus Naturholz\"}]},{\"@type\":\"WebSite\",\"@id\":\"https:\/\/ainavalles.com\/#website\",\"url\":\"https:\/\/ainavalles.com\/\",\"name\":\"Aina Vall\u00e8s\",\"description\":\"Interiorismo en Mallorca\",\"publisher\":{\"@id\":\"https:\/\/ainavalles.com\/#organization\"},\"potentialAction\":[{\"@type\":\"SearchAction\",\"target\":{\"@type\":\"EntryPoint\",\"urlTemplate\":\"https:\/\/ainavalles.com\/?s={search_term_string}\"},\"query-input\":{\"@type\":\"PropertyValueSpecification\",\"valueRequired\":true,\"valueName\":\"search_term_string\"}}],\"inLanguage\":\"de\"},{\"@type\":\"Organization\",\"@id\":\"https:\/\/ainavalles.com\/#organization\",\"name\":\"Aina Vall\u00e8s\",\"url\":\"https:\/\/ainavalles.com\/\",\"logo\":{\"@type\":\"ImageObject\",\"inLanguage\":\"de\",\"@id\":\"https:\/\/ainavalles.com\/#\/schema\/logo\/image\/\",\"url\":\"https:\/\/ainavalles.com\/wp-content\/uploads\/2023\/09\/logo.svg\",\"contentUrl\":\"https:\/\/ainavalles.com\/wp-content\/uploads\/2023\/09\/logo.svg\",\"width\":300,\"height\":244,\"caption\":\"Aina Vall\u00e8s\"},\"image\":{\"@id\":\"https:\/\/ainavalles.com\/#\/schema\/logo\/image\/\"},\"sameAs\":[\"https:\/\/www.facebook.com\/people\/Aina-Valls\/100090582199736\/\",\"https:\/\/www.instagram.com\/aina_valles\/\"]}]}<\/script>\n<!-- \/ Yoast SEO plugin. -->","yoast_head_json":{"title":"Ma\u00dfgefertigte Kleiderschr\u00e4nke aus Naturholz - Aina Vall\u00e8s","robots":{"index":"index","follow":"follow","max-snippet":"max-snippet:-1","max-image-preview":"max-image-preview:large","max-video-preview":"max-video-preview:-1"},"canonical":"https:\/\/ainavalles.com\/de\/proyectos\/armarios-a-medida-en-roble-natural-y-detalles-en-negro-mate\/","og_locale":"de_DE","og_type":"article","og_title":"Ma\u00dfgefertigte Kleiderschr\u00e4nke aus Naturholz - Aina Vall\u00e8s","og_description":"Ma\u00dfgefertigte Kleiderschr\u00e4nke aus naturbelassener Eiche mit mattschwarzen Akzenten Bei diesem Projekt bestand unsere Aufgabe darin, eine Reihe individuell gefertigter Kleiderschr\u00e4nke in der Wohnung eines Kunden zu entwerfen und zu installieren \u2013 wobei Eleganz und Funktionalit\u00e4t zu einem harmonischen und praktischen Raum verschmolzen sind. Design und Materialien: Diese Kleiderschr\u00e4nke \u00fcberzeugen nicht nur durch ihre Optik, sondern [&hellip;]","og_url":"https:\/\/ainavalles.com\/de\/proyectos\/armarios-a-medida-en-roble-natural-y-detalles-en-negro-mate\/","og_site_name":"Aina Vall\u00e8s","article_publisher":"https:\/\/www.facebook.com\/people\/Aina-Valls\/100090582199736\/","article_modified_time":"2025-06-19T09:25:05+00:00","og_image":[{"width":2560,"height":1707,"url":"https:\/\/ainavalles.com\/wp-content\/uploads\/2024\/08\/AINA-LuciaMartiPhoto-9-1-scaled.jpg","type":"image\/jpeg"}],"twitter_card":"summary_large_image","twitter_misc":{"Gesch\u00e4tzte Lesezeit":"3\u00a0Minuten"},"schema":{"@context":"https:\/\/schema.org","@graph":[{"@type":"WebPage","@id":"https:\/\/ainavalles.com\/de\/proyectos\/armarios-a-medida-en-roble-natural-y-detalles-en-negro-mate\/","url":"https:\/\/ainavalles.com\/de\/proyectos\/armarios-a-medida-en-roble-natural-y-detalles-en-negro-mate\/","name":"Ma\u00dfgefertigte Kleiderschr\u00e4nke aus Naturholz - Aina Vall\u00e8s","isPartOf":{"@id":"https:\/\/ainavalles.com\/#website"},"primaryImageOfPage":{"@id":"https:\/\/ainavalles.com\/de\/proyectos\/armarios-a-medida-en-roble-natural-y-detalles-en-negro-mate\/#primaryimage"},"image":{"@id":"https:\/\/ainavalles.com\/de\/proyectos\/armarios-a-medida-en-roble-natural-y-detalles-en-negro-mate\/#primaryimage"},"thumbnailUrl":"https:\/\/ainavalles.com\/wp-content\/uploads\/2024\/08\/AINA-LuciaMartiPhoto-9-1-scaled.jpg","datePublished":"2024-08-13T08:20:06+00:00","dateModified":"2025-06-19T09:25:05+00:00","breadcrumb":{"@id":"https:\/\/ainavalles.com\/de\/proyectos\/armarios-a-medida-en-roble-natural-y-detalles-en-negro-mate\/#breadcrumb"},"inLanguage":"de","potentialAction":[{"@type":"ReadAction","target":["https:\/\/ainavalles.com\/de\/proyectos\/armarios-a-medida-en-roble-natural-y-detalles-en-negro-mate\/"]}]},{"@type":"ImageObject","inLanguage":"de","@id":"https:\/\/ainavalles.com\/de\/proyectos\/armarios-a-medida-en-roble-natural-y-detalles-en-negro-mate\/#primaryimage","url":"https:\/\/ainavalles.com\/wp-content\/uploads\/2024\/08\/AINA-LuciaMartiPhoto-9-1-scaled.jpg","contentUrl":"https:\/\/ainavalles.com\/wp-content\/uploads\/2024\/08\/AINA-LuciaMartiPhoto-9-1-scaled.jpg","width":2560,"height":1707},{"@type":"BreadcrumbList","@id":"https:\/\/ainavalles.com\/de\/proyectos\/armarios-a-medida-en-roble-natural-y-detalles-en-negro-mate\/#breadcrumb","itemListElement":[{"@type":"ListItem","position":1,"name":"Portada","item":"https:\/\/ainavalles.com\/de\/"},{"@type":"ListItem","position":2,"name":"Ma\u00dfgefertigte Kleiderschr\u00e4nke aus Naturholz"}]},{"@type":"WebSite","@id":"https:\/\/ainavalles.com\/#website","url":"https:\/\/ainavalles.com\/","name":"Aina Vall\u00e8s","description":"Interiorismo en Mallorca","publisher":{"@id":"https:\/\/ainavalles.com\/#organization"},"potentialAction":[{"@type":"SearchAction","target":{"@type":"EntryPoint","urlTemplate":"https:\/\/ainavalles.com\/?s={search_term_string}"},"query-input":{"@type":"PropertyValueSpecification","valueRequired":true,"valueName":"search_term_string"}}],"inLanguage":"de"},{"@type":"Organization","@id":"https:\/\/ainavalles.com\/#organization","name":"Aina Vall\u00e8s","url":"https:\/\/ainavalles.com\/","logo":{"@type":"ImageObject","inLanguage":"de","@id":"https:\/\/ainavalles.com\/#\/schema\/logo\/image\/","url":"https:\/\/ainavalles.com\/wp-content\/uploads\/2023\/09\/logo.svg","contentUrl":"https:\/\/ainavalles.com\/wp-content\/uploads\/2023\/09\/logo.svg","width":300,"height":244,"caption":"Aina Vall\u00e8s"},"image":{"@id":"https:\/\/ainavalles.com\/#\/schema\/logo\/image\/"},"sameAs":["https:\/\/www.facebook.com\/people\/Aina-Valls\/100090582199736\/","https:\/\/www.instagram.com\/aina_valles\/"]}]}},"_links":{"self":[{"href":"https:\/\/ainavalles.com\/de\/wp-json\/wp\/v2\/proyectos\/3306","targetHints":{"allow":["GET"]}}],"collection":[{"href":"https:\/\/ainavalles.com\/de\/wp-json\/wp\/v2\/proyectos"}],"about":[{"href":"https:\/\/ainavalles.com\/de\/wp-json\/wp\/v2\/types\/proyectos"}],"wp:featuredmedia":[{"embeddable":true,"href":"https:\/\/ainavalles.com\/de\/wp-json\/wp\/v2\/media\/3308"}],"wp:attachment":[{"href":"https:\/\/ainavalles.com\/de\/wp-json\/wp\/v2\/media?parent=3306"}],"curies":[{"name":"wp","href":"https:\/\/api.w.org\/{rel}","templated":true}]}}