{"id":5270,"date":"2026-03-18T12:21:55","date_gmt":"2026-03-18T10:21:55","guid":{"rendered":"https:\/\/ainavalles.com\/proyectos\/diseno-de-cocina-a-medida-luminosa-y-serena-en-mallorca\/"},"modified":"2026-03-18T12:47:48","modified_gmt":"2026-03-18T10:47:48","slug":"diseno-de-cocina-a-medida-luminosa-y-serena-en-mallorca","status":"publish","type":"proyectos","link":"https:\/\/ainavalles.com\/de\/proyectos\/diseno-de-cocina-a-medida-luminosa-y-serena-en-mallorca\/","title":{"rendered":"Ma\u00dfgeschneiderte, helle und ruhige K\u00fcche in Mallorca"},"content":{"rendered":"\n<p>Diese ma\u00dfgeschneiderte K\u00fcche vermittelt sofort ein Gef\u00fchl der Ruhe. Es ist eine dieser K\u00fcchen, die keine Aufmerksamkeit erregen muss, um zu gefallen, denn alles ist gut durchdacht und an seinem Platz. Ein Projekt, bei dem K\u00fcchendesign und Funktionalit\u00e4t im Gleichgewicht arbeiten, um einen Raum zu schaffen, der sich nat\u00fcrlich anf\u00fchlt.<\/p>\n\n\n<div class=\"wp-block-image\">\n<figure class=\"aligncenter size-full is-resized\"><img fetchpriority=\"high\" decoding=\"async\" width=\"1603\" height=\"1400\" src=\"https:\/\/ainavalles.com\/wp-content\/uploads\/2026\/03\/1-1.jpeg\" alt=\"\" class=\"wp-image-5250\" style=\"aspect-ratio:1.1450235351749696;width:440px;height:auto\" srcset=\"https:\/\/ainavalles.com\/wp-content\/uploads\/2026\/03\/1-1.jpeg 1603w, https:\/\/ainavalles.com\/wp-content\/uploads\/2026\/03\/1-1-768x671.jpeg 768w, https:\/\/ainavalles.com\/wp-content\/uploads\/2026\/03\/1-1-1536x1341.jpeg 1536w\" sizes=\"(max-width: 1603px) 100vw, 1603px\" \/><\/figure>\n<\/div>\n\n\n<p>Das matte wei\u00dfe K\u00fcchenmobiliar bringt Licht und l\u00e4sst den Raum atmen. Die Linien sind klar, ohne k\u00fcnstliche Elemente, was dazu f\u00fchrt, dass das Ganze ordentlich, leicht und zeitlos wirkt. Eine neutrale Basis, die im ma\u00dfgeschneiderten K\u00fcchendesign in Mallorca typisch ist, und darauf ausgelegt ist, mit der Zeit zu bestehen.<\/p>\n\n\n<div class=\"wp-block-image\">\n<figure class=\"aligncenter size-full is-resized\"><img decoding=\"async\" width=\"1152\" height=\"1400\" src=\"https:\/\/ainavalles.com\/wp-content\/uploads\/2026\/03\/3-2.jpeg\" alt=\"\" class=\"wp-image-5254\" style=\"aspect-ratio:0.8228613411292914;width:417px;height:auto\" srcset=\"https:\/\/ainavalles.com\/wp-content\/uploads\/2026\/03\/3-2.jpeg 1152w, https:\/\/ainavalles.com\/wp-content\/uploads\/2026\/03\/3-2-768x933.jpeg 768w\" sizes=\"(max-width: 1152px) 100vw, 1152px\" \/><\/figure>\n<\/div>\n\n\n<p>Die Seele des Projekts zeigt sich in der keramischen Verkleidung in gr\u00fcnen T\u00f6nen mit unregelm\u00e4\u00dfigen Nuancen und einem leicht gl\u00e4nzenden Finish. Es ist kein flaches Gr\u00fcn: Es hat Tiefe, Bewegung und Leben. Es ver\u00e4ndert sich mit dem Licht und schafft eine K\u00fcche, die niemals gleich aussieht. Ein Detail, das mit der Natur verbindet und dem Raum Identit\u00e4t verleiht.<\/p>\n\n\n\n<p>Die beige Porzellanfertigung der Arbeitsplatte, die nat\u00fcrlichen Stein imitiert, mildert den Kontrast und verbindet sich mit den Holzelementen, wodurch W\u00e4rme und Gleichgewicht geschaffen werden. Diese Materialkombination spiegelt eine funktionale, langlebige K\u00fcche wider, die f\u00fcr den Alltag gedacht ist.<\/p>\n\n\n<div class=\"wp-block-image\">\n<figure class=\"aligncenter size-full is-resized\"><img decoding=\"async\" width=\"1050\" height=\"1400\" src=\"https:\/\/ainavalles.com\/wp-content\/uploads\/2026\/03\/2-1.jpeg\" alt=\"\" class=\"wp-image-5262\" style=\"aspect-ratio:0.7499944825759749;width:403px;height:auto\" srcset=\"https:\/\/ainavalles.com\/wp-content\/uploads\/2026\/03\/2-1.jpeg 1050w, https:\/\/ainavalles.com\/wp-content\/uploads\/2026\/03\/2-1-768x1024.jpeg 768w\" sizes=\"(max-width: 1050px) 100vw, 1050px\" \/><\/figure>\n<\/div>\n\n\n<p>Die integrierten Ger\u00e4te und das schwarze Kochfeld verleihen der K\u00fcche einen technischen Akzent, der f\u00fcr eine moderne K\u00fcche typisch ist, ohne die Harmonie des Gesamtkonzepts zu st\u00f6ren. Alles ist darauf ausgelegt, eine saubere und kontinuierliche \u00c4sthetik zu erhalten.<\/p>\n\n\n<div class=\"wp-block-image\">\n<figure class=\"aligncenter size-full is-resized\"><img loading=\"lazy\" decoding=\"async\" width=\"1050\" height=\"1400\" src=\"https:\/\/ainavalles.com\/wp-content\/uploads\/2026\/03\/6-2.jpeg\" alt=\"\" class=\"wp-image-5258\" style=\"aspect-ratio:0.7500054356097667;width:389px;height:auto\" srcset=\"https:\/\/ainavalles.com\/wp-content\/uploads\/2026\/03\/6-2.jpeg 1050w, https:\/\/ainavalles.com\/wp-content\/uploads\/2026\/03\/6-2-768x1024.jpeg 768w\" sizes=\"(max-width: 1050px) 100vw, 1050px\" \/><\/figure>\n<\/div>\n\n\n<p>Und dann gibt es die Details, die auf den ersten Blick nicht sichtbar sind, aber den Unterschied bei einem gut gestalteten ma\u00dfgeschneiderten M\u00f6belst\u00fcck ausmachen: die Proportionen der Module, die Kontinuit\u00e4t der Fronten, die H\u00f6he des Sockels, die Integration des Sp\u00fclbeckens oder wie das Licht unter den M\u00f6beln f\u00e4llt. Entscheidungen, die daf\u00fcr sorgen, dass die K\u00fcche wirklich funktioniert.<\/p>\n\n\n\n<p>Es ist eine K\u00fcche, die auf den ersten Blick einfach erscheint, aber sehr durchdacht ist.<\/p>\n\n\n\n<p>Eine K\u00fcche, die daf\u00fcr entworfen wurde, genossen zu werden, ohne Eile zu kochen und den Raum zu leben.<\/p>\n\n\n\n<p><\/p>\n","protected":false},"featured_media":5253,"template":"","class_list":["post-5270","proyectos","type-proyectos","status-publish","has-post-thumbnail","hentry"],"acf":{"photo_gallery":{"galeria_de_fotos":[[]]}},"yoast_head":"<!-- This site is optimized with the Yoast SEO plugin v26.8 - https:\/\/yoast.com\/product\/yoast-seo-wordpress\/ -->\n<title>Ma\u00dfgeschneiderte, helle und ruhige K\u00fcche in Mallorca - Aina Vall\u00e8s<\/title>\n<meta name=\"robots\" content=\"index, follow, max-snippet:-1, max-image-preview:large, max-video-preview:-1\" \/>\n<link rel=\"canonical\" href=\"https:\/\/ainavalles.com\/de\/proyectos\/diseno-de-cocina-a-medida-luminosa-y-serena-en-mallorca\/\" \/>\n<meta property=\"og:locale\" content=\"de_DE\" \/>\n<meta property=\"og:type\" content=\"article\" \/>\n<meta property=\"og:title\" content=\"Ma\u00dfgeschneiderte, helle und ruhige K\u00fcche in Mallorca - Aina Vall\u00e8s\" \/>\n<meta property=\"og:description\" content=\"Diese ma\u00dfgeschneiderte K\u00fcche vermittelt sofort ein Gef\u00fchl der Ruhe. Es ist eine dieser K\u00fcchen, die keine Aufmerksamkeit erregen muss, um zu gefallen, denn alles ist gut durchdacht und an seinem Platz. Ein Projekt, bei dem K\u00fcchendesign und Funktionalit\u00e4t im Gleichgewicht arbeiten, um einen Raum zu schaffen, der sich nat\u00fcrlich anf\u00fchlt. Das matte wei\u00dfe K\u00fcchenmobiliar bringt [&hellip;]\" \/>\n<meta property=\"og:url\" content=\"https:\/\/ainavalles.com\/de\/proyectos\/diseno-de-cocina-a-medida-luminosa-y-serena-en-mallorca\/\" \/>\n<meta property=\"og:site_name\" content=\"Aina Vall\u00e8s\" \/>\n<meta property=\"article:publisher\" content=\"https:\/\/www.facebook.com\/people\/Aina-Valls\/100090582199736\/\" \/>\n<meta property=\"article:modified_time\" content=\"2026-03-18T10:47:48+00:00\" \/>\n<meta property=\"og:image\" content=\"https:\/\/ainavalles.com\/wp-content\/uploads\/2026\/03\/1-1.jpeg\" \/>\n\t<meta property=\"og:image:width\" content=\"1603\" \/>\n\t<meta property=\"og:image:height\" content=\"1400\" \/>\n\t<meta property=\"og:image:type\" content=\"image\/jpeg\" \/>\n<meta name=\"twitter:card\" content=\"summary_large_image\" \/>\n<meta name=\"twitter:label1\" content=\"Gesch\u00e4tzte Lesezeit\" \/>\n\t<meta name=\"twitter:data1\" content=\"3\u00a0Minuten\" \/>\n<script type=\"application\/ld+json\" class=\"yoast-schema-graph\">{\"@context\":\"https:\/\/schema.org\",\"@graph\":[{\"@type\":\"WebPage\",\"@id\":\"https:\/\/ainavalles.com\/de\/proyectos\/diseno-de-cocina-a-medida-luminosa-y-serena-en-mallorca\/\",\"url\":\"https:\/\/ainavalles.com\/de\/proyectos\/diseno-de-cocina-a-medida-luminosa-y-serena-en-mallorca\/\",\"name\":\"Ma\u00dfgeschneiderte, helle und ruhige K\u00fcche in Mallorca - Aina Vall\u00e8s\",\"isPartOf\":{\"@id\":\"https:\/\/ainavalles.com\/#website\"},\"primaryImageOfPage\":{\"@id\":\"https:\/\/ainavalles.com\/de\/proyectos\/diseno-de-cocina-a-medida-luminosa-y-serena-en-mallorca\/#primaryimage\"},\"image\":{\"@id\":\"https:\/\/ainavalles.com\/de\/proyectos\/diseno-de-cocina-a-medida-luminosa-y-serena-en-mallorca\/#primaryimage\"},\"thumbnailUrl\":\"https:\/\/ainavalles.com\/wp-content\/uploads\/2026\/03\/1-1.jpeg\",\"datePublished\":\"2026-03-18T10:21:55+00:00\",\"dateModified\":\"2026-03-18T10:47:48+00:00\",\"breadcrumb\":{\"@id\":\"https:\/\/ainavalles.com\/de\/proyectos\/diseno-de-cocina-a-medida-luminosa-y-serena-en-mallorca\/#breadcrumb\"},\"inLanguage\":\"de\",\"potentialAction\":[{\"@type\":\"ReadAction\",\"target\":[\"https:\/\/ainavalles.com\/de\/proyectos\/diseno-de-cocina-a-medida-luminosa-y-serena-en-mallorca\/\"]}]},{\"@type\":\"ImageObject\",\"inLanguage\":\"de\",\"@id\":\"https:\/\/ainavalles.com\/de\/proyectos\/diseno-de-cocina-a-medida-luminosa-y-serena-en-mallorca\/#primaryimage\",\"url\":\"https:\/\/ainavalles.com\/wp-content\/uploads\/2026\/03\/1-1.jpeg\",\"contentUrl\":\"https:\/\/ainavalles.com\/wp-content\/uploads\/2026\/03\/1-1.jpeg\",\"width\":1603,\"height\":1400},{\"@type\":\"BreadcrumbList\",\"@id\":\"https:\/\/ainavalles.com\/de\/proyectos\/diseno-de-cocina-a-medida-luminosa-y-serena-en-mallorca\/#breadcrumb\",\"itemListElement\":[{\"@type\":\"ListItem\",\"position\":1,\"name\":\"Portada\",\"item\":\"https:\/\/ainavalles.com\/de\/\"},{\"@type\":\"ListItem\",\"position\":2,\"name\":\"Ma\u00dfgeschneiderte, helle und ruhige K\u00fcche in Mallorca\"}]},{\"@type\":\"WebSite\",\"@id\":\"https:\/\/ainavalles.com\/#website\",\"url\":\"https:\/\/ainavalles.com\/\",\"name\":\"Aina Vall\u00e8s\",\"description\":\"Interiorismo en Mallorca\",\"publisher\":{\"@id\":\"https:\/\/ainavalles.com\/#organization\"},\"potentialAction\":[{\"@type\":\"SearchAction\",\"target\":{\"@type\":\"EntryPoint\",\"urlTemplate\":\"https:\/\/ainavalles.com\/?s={search_term_string}\"},\"query-input\":{\"@type\":\"PropertyValueSpecification\",\"valueRequired\":true,\"valueName\":\"search_term_string\"}}],\"inLanguage\":\"de\"},{\"@type\":\"Organization\",\"@id\":\"https:\/\/ainavalles.com\/#organization\",\"name\":\"Aina Vall\u00e8s\",\"url\":\"https:\/\/ainavalles.com\/\",\"logo\":{\"@type\":\"ImageObject\",\"inLanguage\":\"de\",\"@id\":\"https:\/\/ainavalles.com\/#\/schema\/logo\/image\/\",\"url\":\"https:\/\/ainavalles.com\/wp-content\/uploads\/2023\/09\/logo.svg\",\"contentUrl\":\"https:\/\/ainavalles.com\/wp-content\/uploads\/2023\/09\/logo.svg\",\"width\":300,\"height\":244,\"caption\":\"Aina Vall\u00e8s\"},\"image\":{\"@id\":\"https:\/\/ainavalles.com\/#\/schema\/logo\/image\/\"},\"sameAs\":[\"https:\/\/www.facebook.com\/people\/Aina-Valls\/100090582199736\/\",\"https:\/\/www.instagram.com\/aina_valles\/\"]}]}<\/script>\n<!-- \/ Yoast SEO plugin. -->","yoast_head_json":{"title":"Ma\u00dfgeschneiderte, helle und ruhige K\u00fcche in Mallorca - Aina Vall\u00e8s","robots":{"index":"index","follow":"follow","max-snippet":"max-snippet:-1","max-image-preview":"max-image-preview:large","max-video-preview":"max-video-preview:-1"},"canonical":"https:\/\/ainavalles.com\/de\/proyectos\/diseno-de-cocina-a-medida-luminosa-y-serena-en-mallorca\/","og_locale":"de_DE","og_type":"article","og_title":"Ma\u00dfgeschneiderte, helle und ruhige K\u00fcche in Mallorca - Aina Vall\u00e8s","og_description":"Diese ma\u00dfgeschneiderte K\u00fcche vermittelt sofort ein Gef\u00fchl der Ruhe. Es ist eine dieser K\u00fcchen, die keine Aufmerksamkeit erregen muss, um zu gefallen, denn alles ist gut durchdacht und an seinem Platz. Ein Projekt, bei dem K\u00fcchendesign und Funktionalit\u00e4t im Gleichgewicht arbeiten, um einen Raum zu schaffen, der sich nat\u00fcrlich anf\u00fchlt. Das matte wei\u00dfe K\u00fcchenmobiliar bringt [&hellip;]","og_url":"https:\/\/ainavalles.com\/de\/proyectos\/diseno-de-cocina-a-medida-luminosa-y-serena-en-mallorca\/","og_site_name":"Aina Vall\u00e8s","article_publisher":"https:\/\/www.facebook.com\/people\/Aina-Valls\/100090582199736\/","article_modified_time":"2026-03-18T10:47:48+00:00","og_image":[{"width":1603,"height":1400,"url":"https:\/\/ainavalles.com\/wp-content\/uploads\/2026\/03\/1-1.jpeg","type":"image\/jpeg"}],"twitter_card":"summary_large_image","twitter_misc":{"Gesch\u00e4tzte Lesezeit":"3\u00a0Minuten"},"schema":{"@context":"https:\/\/schema.org","@graph":[{"@type":"WebPage","@id":"https:\/\/ainavalles.com\/de\/proyectos\/diseno-de-cocina-a-medida-luminosa-y-serena-en-mallorca\/","url":"https:\/\/ainavalles.com\/de\/proyectos\/diseno-de-cocina-a-medida-luminosa-y-serena-en-mallorca\/","name":"Ma\u00dfgeschneiderte, helle und ruhige K\u00fcche in Mallorca - Aina Vall\u00e8s","isPartOf":{"@id":"https:\/\/ainavalles.com\/#website"},"primaryImageOfPage":{"@id":"https:\/\/ainavalles.com\/de\/proyectos\/diseno-de-cocina-a-medida-luminosa-y-serena-en-mallorca\/#primaryimage"},"image":{"@id":"https:\/\/ainavalles.com\/de\/proyectos\/diseno-de-cocina-a-medida-luminosa-y-serena-en-mallorca\/#primaryimage"},"thumbnailUrl":"https:\/\/ainavalles.com\/wp-content\/uploads\/2026\/03\/1-1.jpeg","datePublished":"2026-03-18T10:21:55+00:00","dateModified":"2026-03-18T10:47:48+00:00","breadcrumb":{"@id":"https:\/\/ainavalles.com\/de\/proyectos\/diseno-de-cocina-a-medida-luminosa-y-serena-en-mallorca\/#breadcrumb"},"inLanguage":"de","potentialAction":[{"@type":"ReadAction","target":["https:\/\/ainavalles.com\/de\/proyectos\/diseno-de-cocina-a-medida-luminosa-y-serena-en-mallorca\/"]}]},{"@type":"ImageObject","inLanguage":"de","@id":"https:\/\/ainavalles.com\/de\/proyectos\/diseno-de-cocina-a-medida-luminosa-y-serena-en-mallorca\/#primaryimage","url":"https:\/\/ainavalles.com\/wp-content\/uploads\/2026\/03\/1-1.jpeg","contentUrl":"https:\/\/ainavalles.com\/wp-content\/uploads\/2026\/03\/1-1.jpeg","width":1603,"height":1400},{"@type":"BreadcrumbList","@id":"https:\/\/ainavalles.com\/de\/proyectos\/diseno-de-cocina-a-medida-luminosa-y-serena-en-mallorca\/#breadcrumb","itemListElement":[{"@type":"ListItem","position":1,"name":"Portada","item":"https:\/\/ainavalles.com\/de\/"},{"@type":"ListItem","position":2,"name":"Ma\u00dfgeschneiderte, helle und ruhige K\u00fcche in Mallorca"}]},{"@type":"WebSite","@id":"https:\/\/ainavalles.com\/#website","url":"https:\/\/ainavalles.com\/","name":"Aina Vall\u00e8s","description":"Interiorismo en Mallorca","publisher":{"@id":"https:\/\/ainavalles.com\/#organization"},"potentialAction":[{"@type":"SearchAction","target":{"@type":"EntryPoint","urlTemplate":"https:\/\/ainavalles.com\/?s={search_term_string}"},"query-input":{"@type":"PropertyValueSpecification","valueRequired":true,"valueName":"search_term_string"}}],"inLanguage":"de"},{"@type":"Organization","@id":"https:\/\/ainavalles.com\/#organization","name":"Aina Vall\u00e8s","url":"https:\/\/ainavalles.com\/","logo":{"@type":"ImageObject","inLanguage":"de","@id":"https:\/\/ainavalles.com\/#\/schema\/logo\/image\/","url":"https:\/\/ainavalles.com\/wp-content\/uploads\/2023\/09\/logo.svg","contentUrl":"https:\/\/ainavalles.com\/wp-content\/uploads\/2023\/09\/logo.svg","width":300,"height":244,"caption":"Aina Vall\u00e8s"},"image":{"@id":"https:\/\/ainavalles.com\/#\/schema\/logo\/image\/"},"sameAs":["https:\/\/www.facebook.com\/people\/Aina-Valls\/100090582199736\/","https:\/\/www.instagram.com\/aina_valles\/"]}]}},"_links":{"self":[{"href":"https:\/\/ainavalles.com\/de\/wp-json\/wp\/v2\/proyectos\/5270","targetHints":{"allow":["GET"]}}],"collection":[{"href":"https:\/\/ainavalles.com\/de\/wp-json\/wp\/v2\/proyectos"}],"about":[{"href":"https:\/\/ainavalles.com\/de\/wp-json\/wp\/v2\/types\/proyectos"}],"wp:featuredmedia":[{"embeddable":true,"href":"https:\/\/ainavalles.com\/de\/wp-json\/wp\/v2\/media\/5253"}],"wp:attachment":[{"href":"https:\/\/ainavalles.com\/de\/wp-json\/wp\/v2\/media?parent=5270"}],"curies":[{"name":"wp","href":"https:\/\/api.w.org\/{rel}","templated":true}]}}